{"id":2870,"date":"2020-04-09T20:13:56","date_gmt":"2020-04-09T19:13:56","guid":{"rendered":"https:\/\/www.taxipmi.com\/wordpress\/?page_id=2870"},"modified":"2020-04-10T18:24:47","modified_gmt":"2020-04-10T17:24:47","slug":"minibus","status":"publish","type":"page","link":"https:\/\/www.taxipmi.com\/wordpress\/minibus\/","title":{"rendered":"Minib\u00fas"},"content":{"rendered":"\n<p>Minib\u00fas para 10 pasajeros y 13 pasajeros, son nuestros dos modelos, Ford Transit y Peugeot Boxer. Ambos modelos cumplen con todas las normativas de seguridad, cinturones en todos los asientos, mamparas de seguridad para separar el maletero, puntos Isofix para sillas de beb\u00e9&#8230;.etc.<\/p>\n\n\n\n<p>Por supuesto es un traslado privado, nunca compartido, nuestras tarifas las pueden consultar en la web <a href=\"https:\/\/www.taxipmi.com\/es\/tarifas.php\">https:\/\/www.taxipmi.com\/es\/tarifas.php<\/a> , los precios son finales, incluyen todo, equipaje, sillas de beb\u00e9, impuestos, son precios fijos sin sorpresas. Adem\u00e1s somos de las compa\u00f1\u00edas m\u00e1s econ\u00f3micas en Mallorca.<\/p>\n\n\n\n<figure class=\"wp-block-image size-medium\"><img loading=\"lazy\" decoding=\"async\" width=\"300\" height=\"300\" src=\"https:\/\/www.taxipmi.com\/wordpress\/wp-content\/uploads\/2020\/04\/12795001_10153415565854109_1904495137402658294_o-300x300.jpg\" alt=\"minib\u00fas\" class=\"wp-image-2903\" srcset=\"https:\/\/www.taxipmi.com\/wordpress\/wp-content\/uploads\/2020\/04\/12795001_10153415565854109_1904495137402658294_o-300x300.jpg 300w, https:\/\/www.taxipmi.com\/wordpress\/wp-content\/uploads\/2020\/04\/12795001_10153415565854109_1904495137402658294_o-150x150.jpg 150w, https:\/\/www.taxipmi.com\/wordpress\/wp-content\/uploads\/2020\/04\/12795001_10153415565854109_1904495137402658294_o-768x768.jpg 768w, https:\/\/www.taxipmi.com\/wordpress\/wp-content\/uploads\/2020\/04\/12795001_10153415565854109_1904495137402658294_o.jpg 960w\" sizes=\"auto, (max-width: 300px) 100vw, 300px\" \/><figcaption>Minib\u00fas hasta 10 pasajeros<\/figcaption><\/figure>\n\n\n\n<p>Somos especialistas en grupos y realizamos todo tipo de traslados. Ciclistas con remolque, golfistas, despedidas de soltero\/a, familias que viajan juntas.<\/p>\n\n\n\n<p>Nuestros conductores cuentan con la formaci\u00f3n necesaria para la conducci\u00f3n de este tipo de minib\u00fas. Cumplen con las obligaciones que marca el tac\u00f3grafo, le garantizamos que nuestros conductores cumplen con los descansos necesarios.<\/p>\n\n\n\n<figure class=\"wp-block-image size-medium\"><img loading=\"lazy\" decoding=\"async\" width=\"300\" height=\"300\" src=\"https:\/\/www.taxipmi.com\/wordpress\/wp-content\/uploads\/2020\/04\/confort-1-300x300.jpg\" alt=\"minib\u00fas mallorca\" class=\"wp-image-2904\" srcset=\"https:\/\/www.taxipmi.com\/wordpress\/wp-content\/uploads\/2020\/04\/confort-1-300x300.jpg 300w, https:\/\/www.taxipmi.com\/wordpress\/wp-content\/uploads\/2020\/04\/confort-1.jpg 1024w, https:\/\/www.taxipmi.com\/wordpress\/wp-content\/uploads\/2020\/04\/confort-1-150x150.jpg 150w, https:\/\/www.taxipmi.com\/wordpress\/wp-content\/uploads\/2020\/04\/confort-1-768x768.jpg 768w\" sizes=\"auto, (max-width: 300px) 100vw, 300px\" \/><figcaption>Confortable interior<\/figcaption><\/figure>\n\n\n\n<p>Si lugar a duda es un veh\u00edculo confortable, los asientos son muy c\u00f3modos y todos disponen de cinturones de tres puntos de anclaje, donde las sillas de beb\u00e9 quedan perfectamente sujetas, adem\u00e1s dispones de puntos Isofix.<\/p>\n\n\n\n<p>Por supuesto, el aire acondicionado funciona a la perfecci\u00f3n para soportar las altas temperaturas del mes de Julio y agosto. Nuestros veh\u00edculos tienen un plan de mantenimiento periodico. <\/p>\n\n\n\n<figure class=\"wp-block-image size-medium\"><img loading=\"lazy\" decoding=\"async\" width=\"300\" height=\"225\" src=\"https:\/\/www.taxipmi.com\/wordpress\/wp-content\/uploads\/2020\/04\/transfer-with-bikes-to-300x225.jpg\" alt=\"minib\u00fas ciclismo\" class=\"wp-image-2906\" srcset=\"https:\/\/www.taxipmi.com\/wordpress\/wp-content\/uploads\/2020\/04\/transfer-with-bikes-to-300x225.jpg 300w, https:\/\/www.taxipmi.com\/wordpress\/wp-content\/uploads\/2020\/04\/transfer-with-bikes-to-768x576.jpg 768w, https:\/\/www.taxipmi.com\/wordpress\/wp-content\/uploads\/2020\/04\/transfer-with-bikes-to-400x300.jpg 400w, https:\/\/www.taxipmi.com\/wordpress\/wp-content\/uploads\/2020\/04\/transfer-with-bikes-to.jpg 1024w\" sizes=\"auto, (max-width: 300px) 100vw, 300px\" \/><figcaption>Remolque para traslados con bicicletas<\/figcaption><\/figure>\n\n\n\n<p>Desde finales de febrero hasta Mayo, estamos preparados con nuestros remolques para dar el mejor servicio a los grupos de ciclistas. Caben perfectamente 12 bicicletas y el equipaje.<\/p>\n\n\n\n<figure class=\"wp-block-image size-medium\"><img loading=\"lazy\" decoding=\"async\" width=\"225\" height=\"300\" src=\"https:\/\/www.taxipmi.com\/wordpress\/wp-content\/uploads\/2020\/04\/minibus-225x300.jpg\" alt=\"taxi mallorca\" class=\"wp-image-2908\" srcset=\"https:\/\/www.taxipmi.com\/wordpress\/wp-content\/uploads\/2020\/04\/minibus-225x300.jpg 225w, https:\/\/www.taxipmi.com\/wordpress\/wp-content\/uploads\/2020\/04\/minibus-768x1024.jpg 768w, https:\/\/www.taxipmi.com\/wordpress\/wp-content\/uploads\/2020\/04\/minibus.jpg 1024w\" sizes=\"auto, (max-width: 225px) 100vw, 225px\" \/><figcaption>Minib\u00fas hasta 13 pasajeros<\/figcaption><\/figure>\n\n\n\n<p>La privacidad es muy importante para nosotros, por lo que nuestros veh\u00edculos no llevan publicidad, son discretos y las lunas tintadas. Nuestros conductores van elegantemente uniformados y si necesita que su conductor hable Ruso, ingl\u00e9s alem\u00e1n, no tiene m\u00e1s que comentarlo en la casilla de observaciones del formulario de reservas. <a href=\"https:\/\/www.taxipmi.com\/booking.php\">https:\/\/www.taxipmi.com\/booking.php<\/a> <\/p>\n\n\n\n<figure class=\"wp-block-image size-medium\"><img loading=\"lazy\" decoding=\"async\" width=\"225\" height=\"300\" src=\"https:\/\/www.taxipmi.com\/wordpress\/wp-content\/uploads\/2020\/04\/extra-space-in-our-minibuses-225x300.jpg\" alt=\"bus transfer\" class=\"wp-image-2910\" srcset=\"https:\/\/www.taxipmi.com\/wordpress\/wp-content\/uploads\/2020\/04\/extra-space-in-our-minibuses-225x300.jpg 225w, https:\/\/www.taxipmi.com\/wordpress\/wp-content\/uploads\/2020\/04\/extra-space-in-our-minibuses-768x1024.jpg 768w, https:\/\/www.taxipmi.com\/wordpress\/wp-content\/uploads\/2020\/04\/extra-space-in-our-minibuses.jpg 960w\" sizes=\"auto, (max-width: 225px) 100vw, 225px\" \/><figcaption>Grandes maleteros <\/figcaption><\/figure>\n\n\n\n<p>Desde siempre los n\u00ba1 en tripadvisor, m\u00e1s de 3300 comentarios excelentes, compru\u00e9belo en el siguiente enlace:<\/p>\n\n\n\n<p><a href=\"http:\/\/www.tripadvisor.com\/Attraction_Review-d8646999\">http:\/\/www.tripadvisor.com\/Attraction_Review-d8646999<\/a><\/p>\n","protected":false},"excerpt":{"rendered":"<p>Minib\u00fas para 10 pasajeros y 13 pasajeros, son nuestros dos modelos, Ford Transit y Peugeot Boxer. Ambos modelos cumplen con todas las normativas de seguridad, cinturones en todos los asientos, mamparas de seguridad para separar el maletero, puntos Isofix para &hellip; <a href=\"https:\/\/www.taxipmi.com\/wordpress\/minibus\/\">Sigue leyendo <span class=\"meta-nav\">&rarr;<\/span><\/a><\/p>\n","protected":false},"author":1,"featured_media":0,"parent":0,"menu_order":0,"comment_status":"closed","ping_status":"closed","template":"","meta":{"_exactmetrics_skip_tracking":false,"_exactmetrics_sitenote_active":false,"_exactmetrics_sitenote_note":"","_exactmetrics_sitenote_category":0,"footnotes":""},"class_list":["post-2870","page","type-page","status-publish","hentry"],"yoast_head":"<!-- This site is optimized with the Yoast SEO plugin v27.4 - https:\/\/yoast.com\/product\/yoast-seo-wordpress\/ -->\n<title>Minib\u00fas - TAXI PMI - Taxi Mallorca Minibuses privados hasta 13 pasajeros<\/title>\n<meta name=\"description\" content=\"Minib\u00fas privado hasta 13 pasajeros. TAXI PMI MALLORCA, los ofrece confortable minibuses para sus traslados desde y hacia el aeropuerto de Palma de Mallorca.\" \/>\n<meta name=\"robots\" content=\"index, follow, max-snippet:-1, max-image-preview:large, max-video-preview:-1\" \/>\n<link rel=\"canonical\" href=\"https:\/\/www.taxipmi.com\/wordpress\/minibus\/\" \/>\n<meta property=\"og:locale\" content=\"es_ES\" \/>\n<meta property=\"og:type\" content=\"article\" \/>\n<meta property=\"og:title\" content=\"Minib\u00fas - TAXI PMI - Taxi Mallorca Minibuses privados hasta 13 pasajeros\" \/>\n<meta property=\"og:description\" content=\"Minib\u00fas privado hasta 13 pasajeros. TAXI PMI MALLORCA, los ofrece confortable minibuses para sus traslados desde y hacia el aeropuerto de Palma de Mallorca.\" \/>\n<meta property=\"og:url\" content=\"https:\/\/www.taxipmi.com\/wordpress\/minibus\/\" \/>\n<meta property=\"og:site_name\" content=\"TAXI PMI - Taxi Mallorca\" \/>\n<meta property=\"article:publisher\" content=\"https:\/\/www.facebook.com\/TAXIPMI\/\" \/>\n<meta property=\"article:modified_time\" content=\"2020-04-10T17:24:47+00:00\" \/>\n<meta property=\"og:image\" content=\"https:\/\/www.taxipmi.com\/wordpress\/wp-content\/uploads\/2020\/04\/12795001_10153415565854109_1904495137402658294_o-300x300.jpg\" \/>\n<meta name=\"twitter:card\" content=\"summary_large_image\" \/>\n<meta name=\"twitter:site\" content=\"@taxipmi\" \/>\n<meta name=\"twitter:label1\" content=\"Tiempo de lectura\" \/>\n\t<meta name=\"twitter:data1\" content=\"2 minutos\" \/>\n<script type=\"application\/ld+json\" class=\"yoast-schema-graph\">{\"@context\":\"https:\\\/\\\/schema.org\",\"@graph\":[{\"@type\":\"WebPage\",\"@id\":\"https:\\\/\\\/www.taxipmi.com\\\/wordpress\\\/minibus\\\/\",\"url\":\"https:\\\/\\\/www.taxipmi.com\\\/wordpress\\\/minibus\\\/\",\"name\":\"Minib\u00fas - TAXI PMI - Taxi Mallorca Minibuses privados hasta 13 pasajeros\",\"isPartOf\":{\"@id\":\"https:\\\/\\\/www.taxipmi.com\\\/wordpress\\\/#website\"},\"primaryImageOfPage\":{\"@id\":\"https:\\\/\\\/www.taxipmi.com\\\/wordpress\\\/minibus\\\/#primaryimage\"},\"image\":{\"@id\":\"https:\\\/\\\/www.taxipmi.com\\\/wordpress\\\/minibus\\\/#primaryimage\"},\"thumbnailUrl\":\"https:\\\/\\\/www.taxipmi.com\\\/wordpress\\\/wp-content\\\/uploads\\\/2020\\\/04\\\/12795001_10153415565854109_1904495137402658294_o-300x300.jpg\",\"datePublished\":\"2020-04-09T19:13:56+00:00\",\"dateModified\":\"2020-04-10T17:24:47+00:00\",\"description\":\"Minib\u00fas privado hasta 13 pasajeros. TAXI PMI MALLORCA, los ofrece confortable minibuses para sus traslados desde y hacia el aeropuerto de Palma de Mallorca.\",\"breadcrumb\":{\"@id\":\"https:\\\/\\\/www.taxipmi.com\\\/wordpress\\\/minibus\\\/#breadcrumb\"},\"inLanguage\":\"es\",\"potentialAction\":[{\"@type\":\"ReadAction\",\"target\":[\"https:\\\/\\\/www.taxipmi.com\\\/wordpress\\\/minibus\\\/\"]}]},{\"@type\":\"ImageObject\",\"inLanguage\":\"es\",\"@id\":\"https:\\\/\\\/www.taxipmi.com\\\/wordpress\\\/minibus\\\/#primaryimage\",\"url\":\"https:\\\/\\\/www.taxipmi.com\\\/wordpress\\\/wp-content\\\/uploads\\\/2020\\\/04\\\/12795001_10153415565854109_1904495137402658294_o.jpg\",\"contentUrl\":\"https:\\\/\\\/www.taxipmi.com\\\/wordpress\\\/wp-content\\\/uploads\\\/2020\\\/04\\\/12795001_10153415565854109_1904495137402658294_o.jpg\",\"width\":960,\"height\":960},{\"@type\":\"BreadcrumbList\",\"@id\":\"https:\\\/\\\/www.taxipmi.com\\\/wordpress\\\/minibus\\\/#breadcrumb\",\"itemListElement\":[{\"@type\":\"ListItem\",\"position\":1,\"name\":\"Portada\",\"item\":\"https:\\\/\\\/www.taxipmi.com\\\/wordpress\\\/\"},{\"@type\":\"ListItem\",\"position\":2,\"name\":\"Minib\u00fas\"}]},{\"@type\":\"WebSite\",\"@id\":\"https:\\\/\\\/www.taxipmi.com\\\/wordpress\\\/#website\",\"url\":\"https:\\\/\\\/www.taxipmi.com\\\/wordpress\\\/\",\"name\":\"TAXI PMI - Taxi Mallorca\",\"description\":\"Taxi Palma airport - Taxi Palma flughafen\",\"publisher\":{\"@id\":\"https:\\\/\\\/www.taxipmi.com\\\/wordpress\\\/#organization\"},\"potentialAction\":[{\"@type\":\"SearchAction\",\"target\":{\"@type\":\"EntryPoint\",\"urlTemplate\":\"https:\\\/\\\/www.taxipmi.com\\\/wordpress\\\/?s={search_term_string}\"},\"query-input\":{\"@type\":\"PropertyValueSpecification\",\"valueRequired\":true,\"valueName\":\"search_term_string\"}}],\"inLanguage\":\"es\"},{\"@type\":\"Organization\",\"@id\":\"https:\\\/\\\/www.taxipmi.com\\\/wordpress\\\/#organization\",\"name\":\"PMI TRANSFERS SL\",\"url\":\"https:\\\/\\\/www.taxipmi.com\\\/wordpress\\\/\",\"logo\":{\"@type\":\"ImageObject\",\"inLanguage\":\"es\",\"@id\":\"https:\\\/\\\/www.taxipmi.com\\\/wordpress\\\/#\\\/schema\\\/logo\\\/image\\\/\",\"url\":\"https:\\\/\\\/www.taxipmi.com\\\/wordpress\\\/wp-content\\\/uploads\\\/2020\\\/03\\\/taxi-pmi.jpg\",\"contentUrl\":\"https:\\\/\\\/www.taxipmi.com\\\/wordpress\\\/wp-content\\\/uploads\\\/2020\\\/03\\\/taxi-pmi.jpg\",\"width\":600,\"height\":600,\"caption\":\"PMI TRANSFERS SL\"},\"image\":{\"@id\":\"https:\\\/\\\/www.taxipmi.com\\\/wordpress\\\/#\\\/schema\\\/logo\\\/image\\\/\"},\"sameAs\":[\"https:\\\/\\\/www.facebook.com\\\/TAXIPMI\\\/\",\"https:\\\/\\\/x.com\\\/taxipmi\",\"https:\\\/\\\/www.instagram.com\\\/taxispmi\\\/\",\"https:\\\/\\\/www.linkedin.com\\\/in\\\/alfonsopmi\\\/\",\"https:\\\/\\\/www.youtube.com\\\/watch?v=iRwRpeWNNXg\"]}]}<\/script>\n<!-- \/ Yoast SEO plugin. -->","yoast_head_json":{"title":"Minib\u00fas - TAXI PMI - Taxi Mallorca Minibuses privados hasta 13 pasajeros","description":"Minib\u00fas privado hasta 13 pasajeros. TAXI PMI MALLORCA, los ofrece confortable minibuses para sus traslados desde y hacia el aeropuerto de Palma de Mallorca.","robots":{"index":"index","follow":"follow","max-snippet":"max-snippet:-1","max-image-preview":"max-image-preview:large","max-video-preview":"max-video-preview:-1"},"canonical":"https:\/\/www.taxipmi.com\/wordpress\/minibus\/","og_locale":"es_ES","og_type":"article","og_title":"Minib\u00fas - TAXI PMI - Taxi Mallorca Minibuses privados hasta 13 pasajeros","og_description":"Minib\u00fas privado hasta 13 pasajeros. TAXI PMI MALLORCA, los ofrece confortable minibuses para sus traslados desde y hacia el aeropuerto de Palma de Mallorca.","og_url":"https:\/\/www.taxipmi.com\/wordpress\/minibus\/","og_site_name":"TAXI PMI - Taxi Mallorca","article_publisher":"https:\/\/www.facebook.com\/TAXIPMI\/","article_modified_time":"2020-04-10T17:24:47+00:00","og_image":[{"url":"https:\/\/www.taxipmi.com\/wordpress\/wp-content\/uploads\/2020\/04\/12795001_10153415565854109_1904495137402658294_o-300x300.jpg","type":"","width":"","height":""}],"twitter_card":"summary_large_image","twitter_site":"@taxipmi","twitter_misc":{"Tiempo de lectura":"2 minutos"},"schema":{"@context":"https:\/\/schema.org","@graph":[{"@type":"WebPage","@id":"https:\/\/www.taxipmi.com\/wordpress\/minibus\/","url":"https:\/\/www.taxipmi.com\/wordpress\/minibus\/","name":"Minib\u00fas - TAXI PMI - Taxi Mallorca Minibuses privados hasta 13 pasajeros","isPartOf":{"@id":"https:\/\/www.taxipmi.com\/wordpress\/#website"},"primaryImageOfPage":{"@id":"https:\/\/www.taxipmi.com\/wordpress\/minibus\/#primaryimage"},"image":{"@id":"https:\/\/www.taxipmi.com\/wordpress\/minibus\/#primaryimage"},"thumbnailUrl":"https:\/\/www.taxipmi.com\/wordpress\/wp-content\/uploads\/2020\/04\/12795001_10153415565854109_1904495137402658294_o-300x300.jpg","datePublished":"2020-04-09T19:13:56+00:00","dateModified":"2020-04-10T17:24:47+00:00","description":"Minib\u00fas privado hasta 13 pasajeros. TAXI PMI MALLORCA, los ofrece confortable minibuses para sus traslados desde y hacia el aeropuerto de Palma de Mallorca.","breadcrumb":{"@id":"https:\/\/www.taxipmi.com\/wordpress\/minibus\/#breadcrumb"},"inLanguage":"es","potentialAction":[{"@type":"ReadAction","target":["https:\/\/www.taxipmi.com\/wordpress\/minibus\/"]}]},{"@type":"ImageObject","inLanguage":"es","@id":"https:\/\/www.taxipmi.com\/wordpress\/minibus\/#primaryimage","url":"https:\/\/www.taxipmi.com\/wordpress\/wp-content\/uploads\/2020\/04\/12795001_10153415565854109_1904495137402658294_o.jpg","contentUrl":"https:\/\/www.taxipmi.com\/wordpress\/wp-content\/uploads\/2020\/04\/12795001_10153415565854109_1904495137402658294_o.jpg","width":960,"height":960},{"@type":"BreadcrumbList","@id":"https:\/\/www.taxipmi.com\/wordpress\/minibus\/#breadcrumb","itemListElement":[{"@type":"ListItem","position":1,"name":"Portada","item":"https:\/\/www.taxipmi.com\/wordpress\/"},{"@type":"ListItem","position":2,"name":"Minib\u00fas"}]},{"@type":"WebSite","@id":"https:\/\/www.taxipmi.com\/wordpress\/#website","url":"https:\/\/www.taxipmi.com\/wordpress\/","name":"TAXI PMI - Taxi Mallorca","description":"Taxi Palma airport - Taxi Palma flughafen","publisher":{"@id":"https:\/\/www.taxipmi.com\/wordpress\/#organization"},"potentialAction":[{"@type":"SearchAction","target":{"@type":"EntryPoint","urlTemplate":"https:\/\/www.taxipmi.com\/wordpress\/?s={search_term_string}"},"query-input":{"@type":"PropertyValueSpecification","valueRequired":true,"valueName":"search_term_string"}}],"inLanguage":"es"},{"@type":"Organization","@id":"https:\/\/www.taxipmi.com\/wordpress\/#organization","name":"PMI TRANSFERS SL","url":"https:\/\/www.taxipmi.com\/wordpress\/","logo":{"@type":"ImageObject","inLanguage":"es","@id":"https:\/\/www.taxipmi.com\/wordpress\/#\/schema\/logo\/image\/","url":"https:\/\/www.taxipmi.com\/wordpress\/wp-content\/uploads\/2020\/03\/taxi-pmi.jpg","contentUrl":"https:\/\/www.taxipmi.com\/wordpress\/wp-content\/uploads\/2020\/03\/taxi-pmi.jpg","width":600,"height":600,"caption":"PMI TRANSFERS SL"},"image":{"@id":"https:\/\/www.taxipmi.com\/wordpress\/#\/schema\/logo\/image\/"},"sameAs":["https:\/\/www.facebook.com\/TAXIPMI\/","https:\/\/x.com\/taxipmi","https:\/\/www.instagram.com\/taxispmi\/","https:\/\/www.linkedin.com\/in\/alfonsopmi\/","https:\/\/www.youtube.com\/watch?v=iRwRpeWNNXg"]}]}},"_links":{"self":[{"href":"https:\/\/www.taxipmi.com\/wordpress\/wp-json\/wp\/v2\/pages\/2870","targetHints":{"allow":["GET"]}}],"collection":[{"href":"https:\/\/www.taxipmi.com\/wordpress\/wp-json\/wp\/v2\/pages"}],"about":[{"href":"https:\/\/www.taxipmi.com\/wordpress\/wp-json\/wp\/v2\/types\/page"}],"author":[{"embeddable":true,"href":"https:\/\/www.taxipmi.com\/wordpress\/wp-json\/wp\/v2\/users\/1"}],"replies":[{"embeddable":true,"href":"https:\/\/www.taxipmi.com\/wordpress\/wp-json\/wp\/v2\/comments?post=2870"}],"version-history":[{"count":6,"href":"https:\/\/www.taxipmi.com\/wordpress\/wp-json\/wp\/v2\/pages\/2870\/revisions"}],"predecessor-version":[{"id":2916,"href":"https:\/\/www.taxipmi.com\/wordpress\/wp-json\/wp\/v2\/pages\/2870\/revisions\/2916"}],"wp:attachment":[{"href":"https:\/\/www.taxipmi.com\/wordpress\/wp-json\/wp\/v2\/media?parent=2870"}],"curies":[{"name":"wp","href":"https:\/\/api.w.org\/{rel}","templated":true}]}}